{"id":123,"date":"2013-06-11T10:36:16","date_gmt":"2013-06-11T10:36:16","guid":{"rendered":"http:\/\/umh2159.umh.es\/?page_id=123"},"modified":"2025-02-27T09:21:07","modified_gmt":"2025-02-27T09:21:07","slug":"foro","status":"publish","type":"page","link":"https:\/\/umh2159.umh.es\/ca\/foro\/","title":{"rendered":"FAQ"},"content":{"rendered":"<h3>PREGUNTAS FRECUENTES DEL TFG DEL GRADO EN BELLAS ARTES<\/h3>\n<ol>\n<li><a href=\"#1\">\u00bfQu\u00e9 es el TFG?<\/a><\/li>\n<li><a href=\"#2\">\u00bfQu\u00e9 requisitos debo cumplir para matricularme en el TFG?<\/a><\/li>\n<li><a href=\"#3\">\u00bfC\u00f3mo elijo a mi tutora o tutor?<\/a><\/li>\n<li><a href=\"#4\">\u00bfCu\u00e1ndo me puedo matricular del TFG?<\/a><\/li>\n<li><a href=\"#5\">\u00bfCu\u00e1ntas convocatorias tengo para defender el TFG?<\/a><\/li>\n<li><a href=\"#6\">\u00bfQu\u00e9 hago si quiero cambiar de tutor o tutora?<\/a><\/li>\n<li><a href=\"#7\">\u00bfQu\u00e9 documentos debo presentar para la defensa?<\/a><\/li>\n<li><a href=\"#8\">\u00bfC\u00f3mo es la defensa del TFG en Bellas Artes?<\/a><\/li>\n<li><a href=\"#9\">\u00bfQu\u00e9 se eval\u00faa en el TFG?<\/a><\/li>\n<li><a href=\"#10\">\u00bfPuedo obtener Matr\u00edcula de Honor?<\/a><\/li>\n<li><a href=\"#11\">\u00bfQu\u00e9 hago si suspendo el TFG?<\/a><\/li>\n<li><a href=\"#12\">\u00bfC\u00f3mo cito las fuentes en mi TFG?<\/a><\/li>\n<li><a href=\"#13\">\u00bfQu\u00e9 es la memoria del TFG y c\u00f3mo la confecciono?<\/a><\/li>\n<li><a href=\"#14\">\u00bfEs posible realizar un TFG conjunto con otras compa\u00f1eras o compa\u00f1eros?<\/a><\/li>\n<li><a href=\"#15\">\u00bfC\u00f3mo entrego la memoria del TFG?<\/a><\/li>\n<li><a href=\"#16\">\u00bfQu\u00e9 hago si mi TFG tiene informaci\u00f3n confidencial?<\/a><\/li>\n<li><a href=\"#17\">\u00bfD\u00f3nde se deposita mi TFG una vez aprobado?<\/a><\/li>\n<\/ol>\n<h4 id=\"1\">\u00bfQu\u00e9 es el TFG?<\/h4>\n<p>Es un trabajo que integra los contenidos formativos y competencias adquiridas durante el Grado. Debe realizarse de manera aut\u00f3noma y personal, bajo la orientaci\u00f3n y supervisi\u00f3n de una tutora o tutor y, si el trabajo lo requiere, se podr\u00e1 contar con un cotutor o cotutora.<\/p>\n<h4 id=\"2\">\u00bfQu\u00e9 requisitos debo cumplir para matricularme en el TFG?<\/h4>\n<p>Primero, es fundamental consultar el calendario acad\u00e9mico de la Facultad de Bellas Artes, ya que este marca los plazos espec\u00edficos para la matr\u00edcula. Puedes consultar el calendario en <a href=\"https:\/\/umh2159.umh.es\/\" target=\"_blank\" rel=\"noopener\">el blog del TFG<\/a>.<\/p>\n<p>En cuanto a los requisitos acad\u00e9micos, estos son los puntos clave que debes cumplir:<\/p>\n<ul>\n<li>Estar matriculado de todos los cr\u00e9ditos que te queden pendientes para finalizar tus estudios.<\/li>\n<li>Necesitas haber superado el 75% de los cr\u00e9ditos del plan de estudios.<\/li>\n<li>Dentro de esos cr\u00e9ditos superados, deben estar incluidos todos los cr\u00e9ditos b\u00e1sicos y obligatorios, que corresponden a las asignaturas de primer y segundo curso.<\/li>\n<\/ul>\n<p>Si no cumples con estos requisitos en los plazos ordinarios de matr\u00edcula, no te preocupes, podr\u00e1s matricularte una vez que los cumplas, pero necesitar\u00e1s la autorizaci\u00f3n del Vicedecanato de Grado. Eso s\u00ed, ten en cuenta que matricularte fuera de plazo podr\u00eda darte derecho a menos convocatorias para defender tu TFG.<\/p>\n<h4 id=\"3\">\u00bfC\u00f3mo elijo a mi tutora o tutor?<\/h4>\n<p>Tienes dos modalidades:<\/p>\n<ul>\n<li>Modelo A (Acuerdo estudiante-profesorado):\n<ul>\n<li>En primer lugar, contacta con el profesor o profesora envi\u00e1ndole un correo electr\u00f3nico con la informaci\u00f3n siguiente:\n<ul>\n<li>Nombre estudiante<\/li>\n<li>Tema o T\u00edtulo Provisional<\/li>\n<li>Resumen (m\u00e1ximo 500 palabras)<\/li>\n<li>Disciplinas a utilizar<\/li>\n<li>Opcional: adjuntar dossier<\/li>\n<\/ul>\n<\/li>\n<li>En segundo lugar, una vez que tengas el V\u00ba B\u00ba de la tutora o tutor, formaliza el acuerdo en la aplicaci\u00f3n de tu acceso personalizado: Gesti\u00f3n del Trabajo Fin de Grado.<\/li>\n<\/ul>\n<\/li>\n<li>Modelo B (Asignaci\u00f3n por \u00e1rea de conocimiento): si no encuentras quien tutorice tu trabajo, puedes solicitar una l\u00ednea de trabajo en la aplicaci\u00f3n de tu acceso personalizado: Gesti\u00f3n del Trabajo Fin de Grado, y se te asignar\u00e1 una tutora o tutor, seg\u00fan tus preferencias y expediente.<\/li>\n<\/ul>\n<p>En el blog del TFG puedes consultar <a href=\"https:\/\/umh2159.umh.es\/materiales\/\" target=\"_blank\" rel=\"noopener\">las gu\u00edas de ayuda de la aplicaci\u00f3n Gesti\u00f3n del Trabajo Fin de Grado<\/a>.<\/p>\n<h4 id=\"4\">\u00bfCu\u00e1ndo me puedo matricular del TFG?<\/h4>\n<p>El estudiantado que no se pueda matricular del TFG en el plazo ordinario de matr\u00edcula establecido en el Calendario Acad\u00e9mico por no cumplir con los requisitos de matr\u00edcula, se podr\u00e1 matricular una vez que cumpla con estos requisitos dentro de las fechas l\u00edmites de matr\u00edcula establecidas para cada Convocatoria. En este caso, para formalizar la matr\u00edcula, el estudiantado deber\u00e1 disponer de la autorizaci\u00f3n del Vicedecanato de Grado. Seg\u00fan el momento del curso acad\u00e9mico en que se formalice esta matr\u00edcula podr\u00eda dar derecho \u00fanicamente a una convocatoria.<\/p>\n<p>Recuerda que puedes consultar los plazos en <a href=\"https:\/\/umh2159.umh.es\/\" target=\"_blank\" rel=\"noopener\">el blog del TFG<\/a>.<\/p>\n<h4 id=\"5\">\u00bfCu\u00e1ntas convocatorias tengo para defender el TFG?<\/h4>\n<p>La matr\u00edcula te da derecho a dos convocatorias de defensa en el mismo curso acad\u00e9mico, pero si realizas la matr\u00edcula fuera del plazo ordinario, seg\u00fan el momento del curso acad\u00e9mico en que se formalice, esta matr\u00edcula podr\u00eda dar derecho \u00fanicamente a una convocatoria.<\/p>\n<h4 id=\"6\">\u00bfQu\u00e9 hago si quiero cambiar de tutor o tutora?<\/h4>\n<p>En primer lugar, debes contar con el visto bueno de las tutoras o tutores implicados.<\/p>\n<p>En segundo lugar, realiza una Instancia General a trav\u00e9s de la Sede Electr\u00f3nica de la UMH dirigida a la Facultad de Bellas Artes para solicitar el cambio.<\/p>\n<h4 id=\"7\">\u00bfQu\u00e9 documentos debo presentar para la defensa?<\/h4>\n<p>La solicitud de evaluaci\u00f3n se tramita a trav\u00e9s de la aplicaci\u00f3n del acceso identificado: Gesti\u00f3n del Trabajo Fin de Grado, de acuerdo con los plazos establecidos para cada convocatoria de defensa en el calendario del TFG.<\/p>\n<p>En el momento de realizar la solicitud debes subir a la aplicaci\u00f3n la memoria y el documento de cesi\u00f3n de derechos. Ambos archivos debe estar en formato pdf.<\/p>\n<p>Para m\u00e1s informaci\u00f3n puedes consultar las gu\u00edas de ayuda de la aplicaci\u00f3n del TFG y el calendario del TFG en <a href=\"https:\/\/umh2159.umh.es\/\" target=\"_blank\" rel=\"noopener\">el blog del TFG<\/a>.<\/p>\n<h4 id=\"8\">\u00bfC\u00f3mo es la defensa del TFG en Bellas Artes?<\/h4>\n<p>La defensa es p\u00fablica, realizada individualmente y de forma presencial.<\/p>\n<p>La exposici\u00f3n oral durar\u00e1 un m\u00e1ximo de entre 10 y 15 minutos para la defensa del trabajo y se producir\u00e1 sin interrupci\u00f3n del tutor o tutora. Tras \u00e9sta, quedar\u00e1n entre 15 y 20 minutos para las preguntas, comentarios y sugerencias. La duraci\u00f3n total de la presentaci\u00f3n no exceder\u00e1 en ning\u00fan caso los 30 minutos por estudiante.<\/p>\n<p>Para m\u00e1s informaci\u00f3n consultar el documento <a href=\"https:\/\/umh2159.umh.es\/materiales\/\" target=\"_blank\" rel=\"noopener\">Procedimiento de defensa para los TFG del Grado de Bellas Artes<\/a>.<\/p>\n<h4 id=\"9\">\u00bfQu\u00e9 se eval\u00faa en el TFG?<\/h4>\n<p>El trabajo pr\u00e1ctico, la memoria escrita y la exposici\u00f3n oral en el porcentaje siguiente:<\/p>\n<ul>\n<li>Trabajo pr\u00e1ctico: 70%<\/li>\n<li>Memoria: 15%<\/li>\n<li>Exposici\u00f3n oral: 15%<\/li>\n<\/ul>\n<p>Para m\u00e1s informaci\u00f3n consultar el documento <a href=\"https:\/\/umh2159.umh.es\/materiales\/\" target=\"_blank\" rel=\"noopener\">Procedimiento de evaluaci\u00f3n para los TFG del Grado de Bellas Artes<\/a>.<\/p>\n<h4 id=\"10\">\u00bfPuedo obtener Matr\u00edcula de Honor?<\/h4>\n<p>S\u00ed, si obtienes una calificaci\u00f3n de Sobresaliente y tu tutor o tutora lo propone. El n\u00famero de Matr\u00edculas de Honor est\u00e1 limitado al 5% del estudiantado matriculado.<\/p>\n<h4 id=\"11\">\u00bfQu\u00e9 hago si suspendo el TFG?<\/h4>\n<p>Tu tutor o tutora te dar\u00e1 recomendaciones para mejorar el trabajo y presentarlo en futuras convocatorias.<\/p>\n<h4 id=\"12\">\u00bfC\u00f3mo cito las fuentes en mi TFG?<\/h4>\n<p>Debes citar todas las ideas, opiniones, estad\u00edsticas, teor\u00edas o investigaciones que influyan en tu trabajo, utilizando el formato APA.<\/p>\n<p>Encontrar\u00e1s un enlace con informaci\u00f3n sobre c\u00f3mo citar con Normas APA en <a href=\"https:\/\/umh2159.umh.es\/materiales\/\" target=\"_blank\" rel=\"noopener\">el blog del TFG<\/a>.<\/p>\n<h4 id=\"13\">\u00bfQu\u00e9 es la memoria del TFG y c\u00f3mo la confecciono?<\/h4>\n<p>Es un documento que acompa\u00f1a al proyecto art\u00edstico, recogiendo la propuesta inicial, objetivos, desarrollo tem\u00e1tico, proceso de realizaci\u00f3n, referentes y fuentes utilizadas.<\/p>\n<p>Puedes consultar el procedimiento de confecci\u00f3n de la memoria para m\u00e1s detalles en <a href=\"https:\/\/umh2159.umh.es\/materiales\/\" target=\"_blank\" rel=\"noopener\">el blog del TFG<\/a>.\u00a0 Tambi\u00e9n encontrar\u00e1s una plantilla que te puede servir como modelo.<\/p>\n<h4 id=\"14\">\u00bfEs posible realizar un TFG conjunto con otras compa\u00f1eras o compa\u00f1eros?<\/h4>\n<p>S\u00ed, siempre que se detalle de manera clara las aportaciones de cada integrante, ya que cada estudiante debe presentar una memoria individual.<\/p>\n<h4 id=\"15\">\u00bfC\u00f3mo entrego la memoria del TFG?<\/h4>\n<p>En la aplicaci\u00f3n: Gesti\u00f3n del Trabajo Fin de Grado, cuando realices la solicitud de evaluaci\u00f3n debes adjuntar la memoria en formato pdf.<\/p>\n<p>Para m\u00e1s informaci\u00f3n puedes consultar las gu\u00edas de ayuda de la aplicaci\u00f3n del TFG en <a href=\"https:\/\/umh2159.umh.es\/materiales\/\" target=\"_blank\" rel=\"noopener\">el blog del TFG<\/a>.<\/p>\n<h4 id=\"16\">\u00bfQu\u00e9 hago si mi TFG tiene informaci\u00f3n confidencial?<\/h4>\n<p>Debes solicitar la restricci\u00f3n de la publicidad, justificando la necesidad de confidencialidad.<\/p>\n<h4 id=\"17\">\u00bfD\u00f3nde se deposita mi TFG una vez aprobado?<\/h4>\n<p>En el Dep\u00f3sito Digital de la UMH: REDIUMH. Su finalidad es recopilar, organizar, difundir y preservar los documentos digitales de car\u00e1cter cient\u00edfico, docente e institucional producidos por nuestra universidad.<\/p>\n","protected":false},"excerpt":{"rendered":"<p>PREGUNTAS FRECUENTES DEL TFG DEL GRADO EN BELLAS ARTES \u00bfQu\u00e9 es el TFG? \u00bfQu\u00e9 requisitos debo cumplir para matricularme en el TFG? \u00bfC\u00f3mo elijo a mi tutora o tutor? \u00bfCu\u00e1ndo me puedo matricular del TFG? \u00bfCu\u00e1ntas convocatorias tengo para defender el TFG? \u00bfQu\u00e9 hago si quiero cambiar de tutor o tutora? \u00bfQu\u00e9 documentos debo presentar [&hellip;]<\/p>\n","protected":false},"author":3158,"featured_media":0,"parent":0,"menu_order":90,"comment_status":"open","ping_status":"closed","template":"","meta":{"_links_to":"","_links_to_target":""},"_links":{"self":[{"href":"https:\/\/umh2159.umh.es\/ca\/wp-json\/wp\/v2\/pages\/123"}],"collection":[{"href":"https:\/\/umh2159.umh.es\/ca\/wp-json\/wp\/v2\/pages"}],"about":[{"href":"https:\/\/umh2159.umh.es\/ca\/wp-json\/wp\/v2\/types\/page"}],"author":[{"embeddable":true,"href":"https:\/\/umh2159.umh.es\/ca\/wp-json\/wp\/v2\/users\/3158"}],"replies":[{"embeddable":true,"href":"https:\/\/umh2159.umh.es\/ca\/wp-json\/wp\/v2\/comments?post=123"}],"version-history":[{"count":0,"href":"https:\/\/umh2159.umh.es\/ca\/wp-json\/wp\/v2\/pages\/123\/revisions"}],"wp:attachment":[{"href":"https:\/\/umh2159.umh.es\/ca\/wp-json\/wp\/v2\/media?parent=123"}],"curies":[{"name":"wp","href":"https:\/\/api.w.org\/{rel}","templated":true}]}}