{"id":1366,"date":"2025-05-20T11:11:55","date_gmt":"2025-05-20T11:11:55","guid":{"rendered":"https:\/\/umh2159.umh.es\/?page_id=1366"},"modified":"2026-02-25T11:41:48","modified_gmt":"2026-02-25T11:41:48","slug":"calendario-2025-26","status":"publish","type":"page","link":"https:\/\/umh2159.umh.es\/ca\/calendario-2025-26\/","title":{"rendered":"Calendario 2025\/26"},"content":{"rendered":"<h3 style=\"text-align: center\"><span style=\"color: #008000\">CALENDARIO 2025\/2026<\/span><\/h3>\n<h3 style=\"text-align: center\"><span style=\"color: #008000\">TRABAJO FIN DE GRADO BELLAS ARTES<\/span><\/h3>\n<ol>\n<li><a href=\"#1\">INFORMACI\u00d3N GENERAL<\/a><\/li>\n<li><a href=\"#2\">ASIGNACI\u00d3N DE TUTORIZACI\u00d3N<\/a><\/li>\n<li><a href=\"#3\">MATRICULACI\u00d3N TFG<\/a><\/li>\n<li><a href=\"#4\">CONVOCATORIAS<\/a>\n<ul>\n<li><a href=\"#5\">CONVOCATORIA 1 TFG: ESPECIAL DE OCTUBRE Y FINALIZACI\u00d3N DE ESTUDIOS<\/a><\/li>\n<li><a href=\"#6\">CONVOCATORIA 2 TFG: ESPECIAL FEBRERO<\/a><\/li>\n<li><a href=\"#7\">CONVOCATORIA 3 TFG: ORDINARIA (SEGUNDO SEMESTRE)<\/a><\/li>\n<li><a href=\"#8\">CONVOCATORIA 4 TFG: EXTRAORDINARIA<\/a><\/li>\n<\/ul>\n<\/li>\n<\/ol>\n<hr \/>\n<h4 id=\"1\">INFORMACI\u00d3N GENERAL<\/h4>\n<p>Todas las entregas y procedimientos de las acciones marcadas en el presente calendario est\u00e1n regidos por la normativa espec\u00edfica de los Trabajos de Fin de Grado del Grado de Bellas Artes, as\u00ed como por los procedimientos y documentos complementarios. Todo ello est\u00e1 publicado y disponible en el blog:<\/p>\n<ul>\n<li><a href=\"http:\/\/umh2159.edu.umh.es\">Trabajo Fin de Grado. Bellas Artes<\/a>.<\/li>\n<\/ul>\n<p>Tanto los citados procedimientos, normativas y documentos, as\u00ed como el presente calendario, se rigen por el Calendario Acad\u00e9mico vigente de la UMH:<\/p>\n<ul>\n<li><a href=\"https:\/\/bbaa.umh.es\/grado\/horarios\/\">Calendario Acad\u00e9mico<\/a>.<\/li>\n<\/ul>\n<p>Informaci\u00f3n sobre la gesti\u00f3n del TFG:<\/p>\n<ul>\n<li><a href=\"https:\/\/umh2159.umh.es\/files\/2025\/05\/Informacion-general-sobre-el-TFG.pdf\">Informaci\u00f3n general sobre el TFG (.pdf)<\/a><\/li>\n<\/ul>\n<hr \/>\n<h4 id=\"2\">ASIGNACI\u00d3N DE TUTORIZACI\u00d3N<\/h4>\n<p>Las l\u00edneas de TFG y el profesorado adscrito se pueden consultar en el blog del TFG:<\/p>\n<ul>\n<li><a href=\"https:\/\/umh2159.umh.es\/oferta-y-asignacion\/\">L\u00cdNEAS DE TFG<\/a><\/li>\n<\/ul>\n<p><strong>Modelo A<\/strong>: acuerdo estudiante \u2013 profesor\/a. El estudiantado debe contactar con el profesorado que se ajuste a su tema para solicitar su tutorizaci\u00f3n mediante un correo electr\u00f3nico, en el que debe facilitarle la informaci\u00f3n siguiente:<\/p>\n<ul>\n<li>Nombre y apellidos.<\/li>\n<li>Tema o t\u00edtulo provisional.<\/li>\n<li>Resumen de la propuesta (m\u00e1ximo 500 palabras).<\/li>\n<li>Disciplinas a utilizar.<\/li>\n<li>Adjuntar dossier (opcional).<\/li>\n<\/ul>\n<p>La asignaci\u00f3n mediante el <strong>Modelo A<\/strong> permanece abierta durante todo el curso acad\u00e9mico, aunque se recomienda tramitarlo dentro de los plazos siguientes:<\/p>\n<ul>\n<li>Plazo 1: hasta el 20 de noviembre 2025.<\/li>\n<li>Plazo 2: hasta el 9 de enero 2026.<\/li>\n<\/ul>\n<p><strong>Modelo B<\/strong>: asignaci\u00f3n de tutor\/a por \u00e1rea de conocimiento. Plazos:<\/p>\n<table>\n<tbody>\n<tr>\n<td>1. Inscripci\u00f3n estudiante (asignaci\u00f3n por Modelo B)<\/td>\n<td>Estudiante<\/td>\n<td>17\/11\/2025 &#8211; 21\/11\/2025<\/td>\n<\/tr>\n<tr>\n<td>2. Per\u00edodo de selecci\u00f3n<\/td>\n<td>Estudiante<\/td>\n<td>24\/11\/2025 &#8211; 28\/11\/2025<\/td>\n<\/tr>\n<tr>\n<td>3. Publicaci\u00f3n de las asignaciones de l\u00ednea &#8211; tutor\/a<\/td>\n<td>Vicedecana<\/td>\n<td>02\/12\/2025<\/td>\n<\/tr>\n<tr>\n<td>4. Asignaciones definitivas<\/td>\n<td>Vicedecana<\/td>\n<td>05\/12\/2025<\/td>\n<\/tr>\n<\/tbody>\n<\/table>\n<p>&nbsp;<\/p>\n<hr \/>\n<h4 id=\"3\">MATRICULACI\u00d3N TFG<\/h4>\n<p>El estudiantado que no se pueda matricular del TFG en el plazo ordinario de matr\u00edcula establecido en el Calendario Acad\u00e9mico por no cumplir con los requisitos de matr\u00edcula, se podr\u00e1 matricular una vez que cumpla con estos requisitos dentro de las fechas l\u00edmites de matr\u00edcula establecidas para cada Convocatoria. En este caso, para formalizar la matr\u00edcula, el estudiantado deber\u00e1 disponer de la autorizaci\u00f3n del Vicedecanato de Grado. Seg\u00fan el momento del curso acad\u00e9mico en que se formalice esta matr\u00edcula podr\u00eda dar derecho \u00fanicamente a una convocatoria.<\/p>\n<p><strong>Fechas l\u00edmites de matr\u00edcula en el TFG de cada convocatoria:<\/strong><\/p>\n<ul>\n<li>Convocatoria Especial de Octubre y Convocatoria Finalizaci\u00f3n de Estudios: 10 de noviembre de 2025<\/li>\n<li>Convocatoria especial de febrero: 6 de febrero de 2026<\/li>\n<li>Convocatoria ordinaria de segundo semestre: 25 de mayo de 2026<\/li>\n<li>Convocatoria extraordinaria de julio y septiembre:\n<ul>\n<li>Primer plazo de defensa (julio): 29 de junio de 2026<\/li>\n<li>Segundo plazo de defensa (septiembre): 21 de julio de 2026<\/li>\n<\/ul>\n<\/li>\n<\/ul>\n<p><strong>Plazos de solicitud de evaluaci\u00f3n de las convocatorias especiales y del segundo plazo de la convocatoria extraordinario (septiembre):<\/strong><\/p>\n<p>Imprescindible estar matriculado del TFG en el curso 2025\/26 y realizar la solicitud a trav\u00e9s del acceso identificado, en la aplicaci\u00f3n correspondiente:<\/p>\n<ul>\n<li>Solicitud convocatoria Especial de Octubre y Convocatoria Finalizaci\u00f3n de Estudios: del 17 al 19 de noviembre 2025<\/li>\n<li>Solicitud convocatoria especial de febrero: del 18 al 20 de febrero 2026<\/li>\n<li>Solicitud segundo plazo convocatoria extraordinaria (septiembre): del 21 al 23 de julio 2026<\/li>\n<\/ul>\n<hr \/>\n<h4 id=\"4\">CONVOCATORIAS<\/h4>\n<ul>\n<li id=\"5\">CONVOCATORIA 1 TFG: ESPECIAL DE OCTUBRE Y FINALIZACI\u00d3N DE ESTUDIOS<\/li>\n<\/ul>\n<table>\n<tbody>\n<tr>\n<td>Matr\u00edcula<\/td>\n<td>Estudiante<\/td>\n<td>Hasta 10 noviembre<\/td>\n<\/tr>\n<tr>\n<td>Entrega memoria TFG para su evaluaci\u00f3n<\/td>\n<td>Estudiante-Tutor\/a<\/td>\n<td>Hasta 12 noviembre<\/td>\n<\/tr>\n<tr>\n<td>Solicitud Conv. extraordinaria (acceso identificado)<\/td>\n<td>Estudiante<\/td>\n<td>17 &#8211; 19 noviembre<\/td>\n<\/tr>\n<tr>\n<td>Env\u00edo de la preferencia de d\u00eda y turno (ma\u00f1ana o tarde) a facultad.bellasartes@umh.es<\/td>\n<td>Tutor\/a<\/td>\n<td>Hasta 19 noviembre<\/td>\n<\/tr>\n<tr>\n<td>Solicitud de defensa y subida de documentaci\u00f3n a la aplicaci\u00f3n del TFG (memoria y autorizaci\u00f3n para el dep\u00f3sito)<\/td>\n<td>Estudiante<\/td>\n<td>Hasta 21 noviembre<\/td>\n<\/tr>\n<tr>\n<td>DEFENSAS P\u00daBLICAS<\/td>\n<td>Estudiante-Tutor\/a<\/td>\n<td>25 noviembre &#8211; 1 diciembre<\/td>\n<\/tr>\n<tr>\n<td>Publicaci\u00f3n de notas provisionales<\/td>\n<td>Vicedecana<\/td>\n<td>3 diciembre<\/td>\n<\/tr>\n<tr>\n<td>Revisi\u00f3n de notas<\/td>\n<td>Estudiante-Tutor\/a<\/td>\n<td>4 &#8211; 10 diciembre<\/td>\n<\/tr>\n<tr>\n<td>Cierre de actas<\/td>\n<td>Vicedecana<\/td>\n<td>12 diciembre<\/td>\n<\/tr>\n<\/tbody>\n<\/table>\n<p>&nbsp;<\/p>\n<ul>\n<li id=\"6\">CONVOCATORIA 2 TFG: ESPECIAL FEBRERO<\/li>\n<\/ul>\n<table>\n<tbody>\n<tr>\n<td>Matr\u00edcula<\/td>\n<td>Estudiante<\/td>\n<td>Hasta 6 febrero<\/td>\n<\/tr>\n<tr>\n<td>Entrega memoria TFG para su evaluaci\u00f3n<\/td>\n<td>Estudiante-Tutor\/a<\/td>\n<td>Hasta 10 febrero<\/td>\n<\/tr>\n<tr>\n<td>Solicitud Conv. extraordinaria (acceso identificado)<\/td>\n<td>Estudiante<\/td>\n<td>18 &#8211; 20 febrero<\/td>\n<\/tr>\n<tr>\n<td>Env\u00edo de la preferencia de d\u00eda y turno (ma\u00f1ana o tarde) a facultad.bellasartes@umh.es<\/td>\n<td>Tutor\/a<\/td>\n<td>Hasta 20 febrero<\/td>\n<\/tr>\n<tr>\n<td>Solicitud de defensa y subida de documentaci\u00f3n a la aplicaci\u00f3n del TFG (memoria y autorizaci\u00f3n para el dep\u00f3sito)<\/td>\n<td>Estudiante<\/td>\n<td>Hasta 23 febrero<\/td>\n<\/tr>\n<tr>\n<td>DEFENSAS P\u00daBLICAS<\/td>\n<td>Estudiante-Tutor\/a<\/td>\n<td>24 febrero &#8211; 2 marzo<\/td>\n<\/tr>\n<tr>\n<td>Publicaci\u00f3n de notas provisionales<\/td>\n<td>Vicedecana<\/td>\n<td>4 marzo<\/td>\n<\/tr>\n<tr>\n<td>Revisi\u00f3n de notas<\/td>\n<td>Estudiante-Tutor\/a<\/td>\n<td>5 marzo<\/td>\n<\/tr>\n<tr>\n<td>Cierre de actas<\/td>\n<td>Vicedecana<\/td>\n<td>6 marzo<\/td>\n<\/tr>\n<\/tbody>\n<\/table>\n<p>&nbsp;<\/p>\n<ul>\n<li id=\"7\">CONVOCATORIA 3 TFG: ORDINARIA (SEGUNDO SEMESTRE)<\/li>\n<\/ul>\n<table>\n<tbody>\n<tr>\n<td>Matr\u00edcula<\/td>\n<td>Estudiante<\/td>\n<td>Hasta 25 mayo<\/td>\n<\/tr>\n<tr>\n<td>Entrega memoria TFG para su evaluaci\u00f3n<\/td>\n<td>Estudiante-Tutor\/a<\/td>\n<td>Hasta 1 junio<\/td>\n<\/tr>\n<tr>\n<td>Env\u00edo de la preferencia de d\u00eda y turno (ma\u00f1ana o tarde) a facultad.bellasartes@umh.es<\/td>\n<td>Tutor\/a<\/td>\n<td>Hasta 4 junio<\/td>\n<\/tr>\n<tr>\n<td>Solicitud de defensa y subida de documentaci\u00f3n a la aplicaci\u00f3n del TFG (memoria y autorizaci\u00f3n para el dep\u00f3sito)<\/td>\n<td>Estudiante<\/td>\n<td>Hasta 9 junio<\/td>\n<\/tr>\n<tr>\n<td>DEFENSAS P\u00daBLICAS<\/td>\n<td>Estudiante-Tutor\/a<\/td>\n<td>10 &#8211; 12 junio<\/td>\n<\/tr>\n<tr>\n<td>Publicaci\u00f3n de notas provisionales<\/td>\n<td>Vicedecana<\/td>\n<td>23 junio<\/td>\n<\/tr>\n<tr>\n<td>Revisi\u00f3n de notas<\/td>\n<td>Estudiante-Tutor\/a<\/td>\n<td>24 &#8211; 29 junio<\/td>\n<\/tr>\n<tr>\n<td>Cierre de actas<\/td>\n<td>Vicedecana<\/td>\n<td>6 julio<\/td>\n<\/tr>\n<\/tbody>\n<\/table>\n<p>&nbsp;<\/p>\n<ul>\n<li id=\"8\">CONVOCATORIA 4 TFG: EXTRAORDINARIA<\/li>\n<\/ul>\n<p><strong>Convocatoria \u00fanica con dos per\u00edodos de defensa: julio y septiembre. Quien desee presentarse en septiembre deber\u00e1 solicitarlo en el plazo siguiente: del 21 al 23 de julio de 2026.<\/strong><\/p>\n<ul>\n<li style=\"list-style-type: none\">\n<ul>\n<li>PER\u00cdODO DE JULIO<\/li>\n<\/ul>\n<\/li>\n<\/ul>\n<table>\n<tbody>\n<tr>\n<td>Matr\u00edcula<\/td>\n<td>Estudiante<\/td>\n<td>Hasta 29 junio<\/td>\n<\/tr>\n<tr>\n<td>Entrega memoria TFG para su evaluaci\u00f3n<\/td>\n<td>Estudiante-Tutor\/a<\/td>\n<td>Hasta 2 julio<\/td>\n<\/tr>\n<tr>\n<td>Env\u00edo de la preferencia de d\u00eda y turno (ma\u00f1ana o tarde) a facultad.bellasartes@umh.es<\/td>\n<td>Tutor\/a<\/td>\n<td>Hasta 6 julio<\/td>\n<\/tr>\n<tr>\n<td>Solicitud de defensa y subida de documentaci\u00f3n a la aplicaci\u00f3n del TFG (memoria y autorizaci\u00f3n para el dep\u00f3sito)<\/td>\n<td>Estudiante<\/td>\n<td>Hasta 9 julio<\/td>\n<\/tr>\n<tr>\n<td>DEFENSAS P\u00daBLICAS<\/td>\n<td>Estudiante-Tutor\/a<\/td>\n<td>13 &#8211; 17 julio<\/td>\n<\/tr>\n<tr>\n<td>Publicaci\u00f3n de notas provisionales<\/td>\n<td>Vicedecana<\/td>\n<td>21 julio<\/td>\n<\/tr>\n<tr>\n<td>Revisi\u00f3n de notas<\/td>\n<td>Estudiante-Tutor\/a<\/td>\n<td>22 &#8211; 24 julio<\/td>\n<\/tr>\n<tr>\n<td>Cierre de actas<\/td>\n<td>Vicedecana<\/td>\n<td>28 julio<\/td>\n<\/tr>\n<\/tbody>\n<\/table>\n<p>&nbsp;<\/p>\n<ul>\n<li style=\"list-style-type: none\">\n<ul>\n<li>PER\u00cdODO DE SEPTIEMBRE<\/li>\n<\/ul>\n<\/li>\n<\/ul>\n<table>\n<tbody>\n<tr>\n<td>Matr\u00edcula<\/td>\n<td>Estudiante<\/td>\n<td>Hasta 21 julio<\/td>\n<\/tr>\n<tr>\n<td>Entrega memoria TFG para su evaluaci\u00f3n<\/td>\n<td>Estudiante-Tutor\/a<\/td>\n<td>Hasta 21 julio<\/td>\n<\/tr>\n<tr>\n<td>Solicitud Conv. extraordinaria (<a href=\"https:\/\/sede.umh.es\/procedimientos\/instancia-general\/\" target=\"_blank\" rel=\"noopener\">Instancia General<\/a> dirigida a la Facultad)<\/td>\n<td>Estudiante<\/td>\n<td>21 &#8211; 23 julio<\/td>\n<\/tr>\n<tr>\n<td>Env\u00edo de la preferencia de d\u00eda y turno (ma\u00f1ana o tarde) a facultad.bellasartes@umh.es<\/td>\n<td>Tutor\/a<\/td>\n<td>Hasta 31 julio<\/td>\n<\/tr>\n<tr>\n<td>Solicitud de defensa y subida de documentaci\u00f3n a la aplicaci\u00f3n del TFG (memoria y autorizaci\u00f3n para el dep\u00f3sito)<\/td>\n<td>Estudiante<\/td>\n<td>Hasta 1 septiembre<\/td>\n<\/tr>\n<tr>\n<td>DEFENSAS P\u00daBLICAS<\/td>\n<td>Estudiante-Tutor\/a<\/td>\n<td>3 &#8211; 9 septiembre<\/td>\n<\/tr>\n<tr>\n<td>Publicaci\u00f3n de notas provisionales<\/td>\n<td>Vicedecana<\/td>\n<td>10 septiembre<\/td>\n<\/tr>\n<tr>\n<td>Revisi\u00f3n de notas<\/td>\n<td>Estudiante-Tutor\/a<\/td>\n<td>11 septiembre<\/td>\n<\/tr>\n<tr>\n<td>Cierre de actas<\/td>\n<td>Vicedecana<\/td>\n<td>14 septiembre<\/td>\n<\/tr>\n<\/tbody>\n<\/table>\n<p>&nbsp;<\/p>\n","protected":false},"excerpt":{"rendered":"<p>CALENDARIO 2025\/2026 TRABAJO FIN DE GRADO BELLAS ARTES INFORMACI\u00d3N GENERAL ASIGNACI\u00d3N DE TUTORIZACI\u00d3N MATRICULACI\u00d3N TFG CONVOCATORIAS CONVOCATORIA 1 TFG: ESPECIAL DE OCTUBRE Y FINALIZACI\u00d3N DE ESTUDIOS CONVOCATORIA 2 TFG: ESPECIAL FEBRERO CONVOCATORIA 3 TFG: ORDINARIA (SEGUNDO SEMESTRE) CONVOCATORIA 4 TFG: EXTRAORDINARIA INFORMACI\u00d3N GENERAL Todas las entregas y procedimientos de las acciones marcadas en el presente [&hellip;]<\/p>\n","protected":false},"author":5222,"featured_media":0,"parent":0,"menu_order":40,"comment_status":"closed","ping_status":"closed","template":"","meta":{"_links_to":"","_links_to_target":""},"_links":{"self":[{"href":"https:\/\/umh2159.umh.es\/ca\/wp-json\/wp\/v2\/pages\/1366"}],"collection":[{"href":"https:\/\/umh2159.umh.es\/ca\/wp-json\/wp\/v2\/pages"}],"about":[{"href":"https:\/\/umh2159.umh.es\/ca\/wp-json\/wp\/v2\/types\/page"}],"author":[{"embeddable":true,"href":"https:\/\/umh2159.umh.es\/ca\/wp-json\/wp\/v2\/users\/5222"}],"replies":[{"embeddable":true,"href":"https:\/\/umh2159.umh.es\/ca\/wp-json\/wp\/v2\/comments?post=1366"}],"version-history":[{"count":0,"href":"https:\/\/umh2159.umh.es\/ca\/wp-json\/wp\/v2\/pages\/1366\/revisions"}],"wp:attachment":[{"href":"https:\/\/umh2159.umh.es\/ca\/wp-json\/wp\/v2\/media?parent=1366"}],"curies":[{"name":"wp","href":"https:\/\/api.w.org\/{rel}","templated":true}]}}